{"id":2119,"date":"2016-04-19T19:42:33","date_gmt":"2016-04-19T17:42:33","guid":{"rendered":"http:\/\/kruste.selfhost.me\/wordpress\/?page_id=2119"},"modified":"2020-08-02T13:37:00","modified_gmt":"2020-08-02T11:37:00","slug":"kalahari-tented-camp-upingtonktp","status":"publish","type":"page","link":"https:\/\/kruste.selfhost.me\/wordpress\/?page_id=2119","title":{"rendered":"Kalahari Tented Camp (Upington\/KTP)"},"content":{"rendered":"<div id=\"pl-2119\"  class=\"panel-layout\" ><div id=\"pg-2119-0\"  class=\"panel-grid panel-no-style\" ><div id=\"pgc-2119-0-0\"  class=\"panel-grid-cell\" ><div id=\"panel-2119-0-0-0\" class=\"so-panel widget widget_black-studio-tinymce widget_black_studio_tinymce panel-first-child panel-last-child\" data-index=\"0\" ><div class=\"textwidget\"><div class=\"style_SkipStroke_2 shape-with-text flowDefining\">\n<hr \/>\n<\/div>\n<p>Sch\u00f6ne Geschichten habe ich \u00fcber das Kalahari Tented Camp geh\u00f6rt<i>. Da soll ein\u00a0L\u00f6we zwischen Zelt und K\u00fcche gelegen haben, sodass Besucher nicht aus dem Zimmer kamen oder die Hy\u00e4ne hat in der Nacht eine Antilope unter dem Bungalow gerissen, wobei die G\u00e4ste sich nicht mehr getraut haben das Zimmer zu verlassen da die Ger\u00e4usche in der Nacht zu angsteinfl\u00f6\u00dfend<\/i><i>\u00a0waren. Es ist schon ein tolles Camp und auch wir hatten wunderbare Momente.<\/i><\/p>\n<p>Da strolchen Mangusten um den Grillplatz, Bienenfresser ziehen ihre Jungen gro\u00df, Schakale heulen um die Wette und L\u00f6wen br\u00fcllen die ganze Nacht. Sicherlich am spannendsten waren aber der Sandsturm, welcher durch das Flussbett fegte und sp\u00e4ter auch \u00fcber die Zelte, und der L\u00f6we auf unserer\u00a0Terrasse. Letzterer war zum Gl\u00fcck so mit der Verteidigung seines Reviers besch\u00e4ftigt, dass er uns nicht wahrgenommen hat.<\/p>\n<p>Ich finde das\u00a0Kalahari Tented Camp wird von vielen untersch\u00e4tz und w\u00fcrde es hinter Urikaruus und Grootkolk als ein Highlight im Park sehen (was man vom Pool nicht behaupten kann \ud83d\ude42 ).<\/p>\n<hr \/>\n<p>&nbsp;<\/p>\n<\/div><\/div><\/div><div id=\"pgc-2119-0-1\"  class=\"panel-grid-cell\" ><div id=\"panel-2119-0-1-0\" class=\"so-panel widget widget_black-studio-tinymce widget_black_studio_tinymce panel-first-child panel-last-child\" data-index=\"1\" ><div class=\"textwidget\"><p><img loading=\"lazy\" decoding=\"async\" class=\"size-full wp-image-2123 alignright\" src=\"http:\/\/kruste.selfhost.me\/wordpress\/wp-content\/uploads\/2016\/04\/SAF_0232-e1466068523117.jpg\" alt=\"SAF_0232\" width=\"800\" height=\"900\" \/><\/p>\n<\/div><\/div><\/div><\/div><div id=\"pg-2119-1\"  class=\"panel-grid panel-no-style\" ><div id=\"pgc-2119-1-0\"  class=\"panel-grid-cell\" ><div id=\"panel-2119-1-0-0\" class=\"so-panel widget widget_black-studio-tinymce widget_black_studio_tinymce panel-first-child\" data-index=\"2\" ><h3 class=\"widget-title\">Preise:<\/h3><div class=\"textwidget\"><hr \/>\n<ul>\n<li>Basispreis 1545 Rand f\u00fcr 2 Personen ( 110 Rand pro Kind \/ 220 Rand pro Erwachsener ) Maximal 4 Personen in einem Family Zelt.<\/li>\n<li>Im Jahr 2019 werden 1985 Rand f\u00fcr das Zelt verlangt.<\/li>\n<\/ul>\n<\/div><\/div><div id=\"panel-2119-1-0-1\" class=\"so-panel widget widget_black-studio-tinymce widget_black_studio_tinymce\" data-index=\"3\" ><h3 class=\"widget-title\">Kommunikation:<\/h3><div class=\"textwidget\"><div id=\"id4\" class=\"style_SkipStroke_4 shape-with-text\">\n<div class=\"text-content graphic_textbox_layout_style_default_External_138_130\">\n<div class=\"graphic_textbox_layout_style_default\">\n<hr \/>\n<p class=\"Caption\">Auch hier kann das Handy ausgeschaltet bleiben. Zugang zum Internet gibt es nicht.<\/p>\n<\/div>\n<\/div>\n<\/div>\n<\/div><\/div><div id=\"panel-2119-1-0-2\" class=\"so-panel widget widget_text\" data-index=\"4\" >\t\t\t<div class=\"textwidget\"><section class=\"parallax-section\">\n<div class=\"parallax-window\" data-z-index=\"1\" data-position-x=\"left\" data-parallax=\"scroll\" data-speed=\".3\" data-image-src=\"http:\/\/kruste.selfhost.me\/wordpress\/wp-content\/uploads\/2020\/08\/KZK_7284.jpg\" style=\"align-items: flex-start;min-height: 550px;\">\n<div class=\"parallax-container parallax-content\">\n<\/div>\n<\/div>\n<\/section>\n<\/div>\n\t\t<\/div><div id=\"panel-2119-1-0-3\" class=\"so-panel widget widget_black-studio-tinymce widget_black_studio_tinymce\" data-index=\"5\" ><h3 class=\"widget-title\">Anreise:<\/h3><div class=\"textwidget\"><hr \/>\n<p><span class=\"style_1\">Die Zufahrt zum Park ist bei Twee Rivieren m\u00f6glich und von diesen Punkten aus ist man nach 120 Kilometern am Ziel. Wer \u00fcber Mata Mata in den KTP einreist kommt nach 3\u00a0Kilometern im Tented Camp an.<\/span><\/p>\n<\/div><\/div><div id=\"panel-2119-1-0-4\" class=\"so-panel widget widget_black-studio-tinymce widget_black_studio_tinymce\" data-index=\"6\" ><h3 class=\"widget-title\">Meine Reisezeiten:<\/h3><div class=\"textwidget\"><hr \/>\n<ul>\n<li>Oktober 2015<\/li>\n<li>Januar\u00a02016<\/li>\n<li>Juli 2016<\/li>\n<li>Januar 2017<\/li>\n<li>November 2017<\/li>\n<li>Oktober 2019<\/li>\n<li>M\u00e4rz 2020<\/li>\n<\/ul>\n<\/div><\/div><div id=\"panel-2119-1-0-5\" class=\"so-panel widget widget_black-studio-tinymce widget_black_studio_tinymce\" data-index=\"7\" ><h3 class=\"widget-title\">Das Wetter:<\/h3><div class=\"textwidget\"><hr \/>\n<ul>\n<li>Oktober\u00a02015<\/li>\n<\/ul>\n<p style=\"padding-left: 30px;\"><span class=\"style_1\">Die Temperatur lag tags\u00fcber bei 40\u00b0C und auch mal dar\u00fcber. Regen gab es keinen jedoch von Zeit zu Zeit Sandst\u00fcrme.\u00a0<\/span><\/p>\n<ul>\n<li>Januar\u00a02016<\/li>\n<\/ul>\n<p style=\"padding-left: 30px;\">Gute Bedingungen ! Leichte Bew\u00f6lkung und Temperaturen um die 30 \u00b0C bestimmten den Tag, einfach perfekt.<\/p>\n<ul>\n<li>Juli\u00a02016<\/li>\n<\/ul>\n<p style=\"padding-left: 30px;\">Kalt\u00a0!!! Bei bis zu -7\u00b0 C in der Nacht brauchten wir warme Sachen sowie\u00a0W\u00e4rmflaschen.\u00a0Wolken waren am Himmel nicht zu sehen und\u00a0am Tag entspannte sich die Lage. Bis zu 24\u00b0 C zeigte das Thermometer bei blauem Himmel an.<\/p>\n<ul>\n<li>Januar 2017Gr\u00fcnes Gras, kleine Blumen, Pf\u00fctzen und tolle Wolkenfelder am Himmel sind einfach traumhaft. Wie sehr ich dies bei meinen weiteren Besuchen des KTP vermissen werde, wusste ich bei dieser Reise noch nicht.<\/li>\n<li>November 2017<br \/>\nBlauer Himmel und kaum Wolken, perfekt.<\/li>\n<li>Oktober 2019<br \/>\nEs ist sehr trocken im Park und teilweise ziehen Sandst\u00fcrme \u00fcber die Zelte. Tiersichtungen sind reine Gl\u00fccksache und teilweise bin ich ab 17:00 Uhr das einzige Fahrzeug an den Wasserl\u00f6chern.<\/li>\n<li>M\u00e4rz 2020<br \/>\nEs hatte viel geregnet und das war ein Seegen f\u00fcr diese Region. Die Landschaft hatte sich zwar noch nicht wieder von der langen D\u00fcrre erholt aber erste Zeichen waren sichtbar. Die Tiere kehrten zur\u00fcck !<\/li>\n<\/ul>\n<\/div><\/div><div id=\"panel-2119-1-0-6\" class=\"so-panel widget widget_black-studio-tinymce widget_black_studio_tinymce\" data-index=\"8\" ><h3 class=\"widget-title\">Zimmer:<\/h3><div class=\"textwidget\"><hr \/>\n<p class=\"paragraph_style\">Die K\u00fcche ist durch einen kleinen Gang vom Schlaf \/ Badezimmer getrennt. Es ist ratsam, vor !! dem Verlassen des Schlafzimmer einen Blick auf die kleine Terrasse zu werfen. Eines Morgens stand ein sch\u00f6ner gro\u00dfer L\u00f6we direkt vor unserem Grill und ich glaube, die kleine Mauer mit einer H\u00f6he von vielleicht 60 cm, h\u00e4tte das Tier nicht abgehalten sein Fr\u00fchst\u00fcck mit uns einzunehmen.<\/p>\n<p class=\"paragraph_style\">Der Blick vom Bungalow auf das weit entfernte Wasserloch ist wirklich\u00a0sch\u00f6n. Dies gilt aber nur, wenn man den richtigen Bungalow gemietet hat. Bei Bungalow 5 sieht man leider nur B\u00e4ume. Zufrieden war ich mit Nummer 2, 6, 9 und 10.<\/p>\n<p class=\"paragraph_style\">Wie bei allen Wilderness Camps im KTP befindet man sich direkt in der Natur und es gibt viel zu beobachten. Mangusten, L\u00f6wen sowie Bienenfresser gab es regelm\u00e4\u00dfig, nur die angek\u00fcndigten Hy\u00e4nen haben wir nicht gesehen.<\/p>\n<p class=\"paragraph_style\">Die\u00a0Ausstattung der Zelte ist, wie bei allen Unterk\u00fcnften, zweckm\u00e4\u00dfig. Geschirr ist vorhanden, K\u00fchlschrank, hei\u00df Wasser und Kochfeld werden mit Gas betrieben. Handt\u00fccher, dicke Decken, Seife, Sp\u00fclmittel und Streichh\u00f6lzer gab es immer und die Betten waren recht bequem. Im Gep\u00e4ck d\u00fcrfen aber Taschenlampe, \u00a0Fernglas und Wintersachen wie M\u00fctze, Handschuhe ( Juni \/ Juli ) nicht fehlen.<\/p>\n<p>Im Oktober 2019 wurden die letzten Zelte renoviert und ausgebessert. Leider wird der K\u00fchlschrank weiterhin mit Gas betrieben.<\/p>\n<\/div><\/div><div id=\"panel-2119-1-0-7\" class=\"so-panel widget widget_black-studio-tinymce widget_black_studio_tinymce\" data-index=\"9\" ><div class=\"textwidget\"><p><img loading=\"lazy\" decoding=\"async\" class=\"aligncenter size-full wp-image-3038\" src=\"http:\/\/kruste.selfhost.me\/wordpress\/wp-content\/uploads\/2017\/12\/SAF_0149_web.jpg\" alt=\"\" width=\"1200\" height=\"586\" srcset=\"https:\/\/kruste.selfhost.me\/wordpress\/wp-content\/uploads\/2017\/12\/SAF_0149_web.jpg 1200w, https:\/\/kruste.selfhost.me\/wordpress\/wp-content\/uploads\/2017\/12\/SAF_0149_web-150x73.jpg 150w, https:\/\/kruste.selfhost.me\/wordpress\/wp-content\/uploads\/2017\/12\/SAF_0149_web-300x147.jpg 300w, https:\/\/kruste.selfhost.me\/wordpress\/wp-content\/uploads\/2017\/12\/SAF_0149_web-768x375.jpg 768w, https:\/\/kruste.selfhost.me\/wordpress\/wp-content\/uploads\/2017\/12\/SAF_0149_web-1024x500.jpg 1024w, https:\/\/kruste.selfhost.me\/wordpress\/wp-content\/uploads\/2017\/12\/SAF_0149_web-700x342.jpg 700w\" sizes=\"auto, (max-width: 1200px) 100vw, 1200px\" \/><\/p>\n<\/div><\/div><div id=\"panel-2119-1-0-8\" class=\"so-panel widget widget_black-studio-tinymce widget_black_studio_tinymce\" data-index=\"10\" ><h3 class=\"widget-title\">K\u00fcche \/ Restaurant:<\/h3><div class=\"textwidget\"><hr \/>\n<p>Selbstversorgung ist angesagt. Der n\u00e4chste Shop befindet sich\u00a0in Mata Mata und somit fast um die Ecke, aber Wunder sollte man in den Regalen nicht erwarten.<br \/>\n\u00dcberall im Tented Camp wird t\u00e4glich der Grill angez\u00fcndet und von jedem Bungalow aus gehen Rauchschwaden mit Bratwurst- und Steak Geruch in die Luft, lecker.<\/p>\n<\/div><\/div><div id=\"panel-2119-1-0-9\" class=\"so-panel widget widget_black-studio-tinymce widget_black_studio_tinymce\" data-index=\"11\" ><h3 class=\"widget-title\">Personal:<\/h3><div class=\"textwidget\"><hr \/>\n\nWie in allen Restcamps im Park gibt es Unterst\u00fctzung durch einen Angestellten, der in einem eigenen Bungalow in der N\u00e4he wohnt. Sollte es Probleme geben ( Schlangen, Skorpione, defektes Auto ....) gibt es dort\u00a0Hilfe.\n\nWeiter ist es Pflicht einen \"Reisebeleg\" zu f\u00fchren. Diesen erh\u00e4lt man bei Einfahrt in den Park und er muss t\u00e4glich durch die Angestellten der Camps ausgef\u00fcllt bzw. einbehalten oder ausgegeben werden. So ist dokumentiert wohin und wann man im Park unterwegs ist. Bei Problemen eine gute Sache und eventuell sogar lebenswichtig.<\/div><\/div><div id=\"panel-2119-1-0-10\" class=\"so-panel widget widget_black-studio-tinymce widget_black_studio_tinymce\" data-index=\"12\" ><h3 class=\"widget-title\">Aktivit\u00e4ten:<\/h3><div class=\"textwidget\"><hr \/>\n<p class=\"Caption\">Nachts bitte die Ohren auf. Wir haben\u00a0fast immer L\u00f6wen im Bereich der\u00a0Zelte geh\u00f6rt oder am Morgen die Spuren im Sand entdeckt. Ich bin gerne fr\u00fch in Richtung S\u00fcden gefahren und habe dort Geparden, Leoparden oder L\u00f6wen bewundert. Die Mittagszeit verbringt man im Zelt oder sucht die Bienenfresser im Bereich des Pools ( Jan \/ Feb ).<\/p>\n<p class=\"Caption\">Langweilig wurde mir nie und wenn man dachte, es seien keine Tiere in der N\u00e4he\u00a0entdeckte man doch ein paar L\u00f6wen im Schatten am Wasserloch.<\/p>\n<p class=\"Caption\">Aufgrund der kalten N\u00e4chte im Juli 2016 gab es leider kaum L\u00f6wen und Geparden zu sehen. Ein kleiner Trost war der atemberaubende Sternenhimmel.<\/p>\n<p>Nicht empfehlen kann ich den Weg vor den Zelten als Jogging Strecke zu nutzen. Ich kann nicht verstehen, wie eine Familie ihre Tochter beim Laufen beobachtet und das dazu noch bei Sonnenuntergang. Einen Tag vorher lagen die L\u00f6wen in der D\u00fcne und die h\u00e4tten sehr leichte Beute gehabt.<\/p>\n<p>Warnungen h\u00e4tte die Joggern auch nicht geh\u00f6rt,\u00a0da Kopfh\u00f6rer zu Ihrer Laufausstattung z\u00e4hlten. Einfach unverantwortlich und ein Wunder, dass nichts passierte.<\/p>\n<\/div><\/div><div id=\"panel-2119-1-0-11\" class=\"so-panel widget widget_black-studio-tinymce widget_black_studio_tinymce panel-last-child\" data-index=\"13\" ><h3 class=\"widget-title\">Tipps:<\/h3><div class=\"textwidget\"><hr \/>\n<ul>\n<li>Um die Zelte herum auf L\u00f6wen achten.<\/li>\n<li>Das\u00a0Fernglas ist ein Muss f\u00fcr die Beobachtung des Wasserloch.<\/li>\n<li>Das gr\u00fcne Wasser des Pools ist recht gew\u00f6hnungsbed\u00fcrftig. Ich habe aber G\u00e4ste im Wasser gesehen.<\/li>\n<li>Bei der Reiseplanung auf die Jahreszeit achten. In den Monaten\u00a0Juni und Juli kann es sehr kalt werden.<\/li>\n<\/ul>\n<\/div><\/div><\/div><\/div><div id=\"pg-2119-2\"  class=\"panel-grid panel-no-style\" ><div id=\"pgc-2119-2-0\"  class=\"panel-grid-cell\" ><div id=\"panel-2119-2-0-0\" class=\"so-panel widget widget_black-studio-tinymce widget_black_studio_tinymce panel-first-child panel-last-child\" data-index=\"14\" ><div class=\"textwidget\"><p><img loading=\"lazy\" decoding=\"async\" class=\"aligncenter size-full wp-image-3030\" src=\"http:\/\/kruste.selfhost.me\/wordpress\/wp-content\/uploads\/2017\/12\/SAF_7114-p_web.jpg\" alt=\"\" width=\"1200\" height=\"712\" srcset=\"https:\/\/kruste.selfhost.me\/wordpress\/wp-content\/uploads\/2017\/12\/SAF_7114-p_web.jpg 1200w, https:\/\/kruste.selfhost.me\/wordpress\/wp-content\/uploads\/2017\/12\/SAF_7114-p_web-150x89.jpg 150w, https:\/\/kruste.selfhost.me\/wordpress\/wp-content\/uploads\/2017\/12\/SAF_7114-p_web-300x178.jpg 300w, https:\/\/kruste.selfhost.me\/wordpress\/wp-content\/uploads\/2017\/12\/SAF_7114-p_web-768x456.jpg 768w, https:\/\/kruste.selfhost.me\/wordpress\/wp-content\/uploads\/2017\/12\/SAF_7114-p_web-1024x608.jpg 1024w, https:\/\/kruste.selfhost.me\/wordpress\/wp-content\/uploads\/2017\/12\/SAF_7114-p_web-700x415.jpg 700w\" sizes=\"auto, (max-width: 1200px) 100vw, 1200px\" \/><\/p>\n<\/div><\/div><\/div><\/div><\/div>","protected":false},"excerpt":{"rendered":"<p>Sch\u00f6ne Geschichten habe ich \u00fcber das Kalahari Tented Camp geh\u00f6rt. Da soll ein\u00a0L\u00f6we zwischen Zelt und K\u00fcche gelegen haben, sodass Besucher nicht aus dem Zimmer<\/p>\n","protected":false},"author":1,"featured_media":0,"parent":2073,"menu_order":0,"comment_status":"closed","ping_status":"closed","template":"","meta":{"footnotes":""},"class_list":["post-2119","page","type-page","status-publish","hentry"],"_links":{"self":[{"href":"https:\/\/kruste.selfhost.me\/wordpress\/index.php?rest_route=\/wp\/v2\/pages\/2119","targetHints":{"allow":["GET"]}}],"collection":[{"href":"https:\/\/kruste.selfhost.me\/wordpress\/index.php?rest_route=\/wp\/v2\/pages"}],"about":[{"href":"https:\/\/kruste.selfhost.me\/wordpress\/index.php?rest_route=\/wp\/v2\/types\/page"}],"author":[{"embeddable":true,"href":"https:\/\/kruste.selfhost.me\/wordpress\/index.php?rest_route=\/wp\/v2\/users\/1"}],"replies":[{"embeddable":true,"href":"https:\/\/kruste.selfhost.me\/wordpress\/index.php?rest_route=%2Fwp%2Fv2%2Fcomments&post=2119"}],"version-history":[{"count":1,"href":"https:\/\/kruste.selfhost.me\/wordpress\/index.php?rest_route=\/wp\/v2\/pages\/2119\/revisions"}],"predecessor-version":[{"id":2120,"href":"https:\/\/kruste.selfhost.me\/wordpress\/index.php?rest_route=\/wp\/v2\/pages\/2119\/revisions\/2120"}],"up":[{"embeddable":true,"href":"https:\/\/kruste.selfhost.me\/wordpress\/index.php?rest_route=\/wp\/v2\/pages\/2073"}],"wp:attachment":[{"href":"https:\/\/kruste.selfhost.me\/wordpress\/index.php?rest_route=%2Fwp%2Fv2%2Fmedia&parent=2119"}],"curies":[{"name":"wp","href":"https:\/\/api.w.org\/{rel}","templated":true}]}}